{"version":"1.0","provider_name":"Joseph Minster","provider_url":"https:\/\/josephminster.com\/site","author_name":"Joseph Minster","author_url":"https:\/\/josephminster.com\/site\/author\/josephminster\/","title":"Le projet de film \"Thessalonique\" pr\u00e9sent\u00e9 au festival des Arcs - Joseph Minster","type":"rich","width":600,"height":338,"html":"<blockquote class=\"wp-embedded-content\" data-secret=\"EyO46dSjiW\"><a href=\"https:\/\/josephminster.com\/site\/projet-de-film-thessalonique-presente-festival-arcs\/\">Le projet de film \u00ab\u00a0Thessalonique\u00a0\u00bb pr\u00e9sent\u00e9 au festival des Arcs<\/a><\/blockquote><iframe sandbox=\"allow-scripts\" security=\"restricted\" src=\"https:\/\/josephminster.com\/site\/projet-de-film-thessalonique-presente-festival-arcs\/embed\/#?secret=EyO46dSjiW\" width=\"600\" height=\"338\" title=\"\u00ab\u00a0Le projet de film \u00ab\u00a0Thessalonique\u00a0\u00bb pr\u00e9sent\u00e9 au festival des Arcs\u00a0\u00bb &#8212; Joseph Minster\" data-secret=\"EyO46dSjiW\" frameborder=\"0\" marginwidth=\"0\" marginheight=\"0\" scrolling=\"no\" class=\"wp-embedded-content\"><\/iframe><script type=\"text\/javascript\">\n\/* <![CDATA[ *\/\n\/*! This file is auto-generated *\/\n!function(d,l){\"use strict\";l.querySelector&&d.addEventListener&&\"undefined\"!=typeof URL&&(d.wp=d.wp||{},d.wp.receiveEmbedMessage||(d.wp.receiveEmbedMessage=function(e){var t=e.data;if((t||t.secret||t.message||t.value)&&!\/[^a-zA-Z0-9]\/.test(t.secret)){for(var s,r,n,a=l.querySelectorAll('iframe[data-secret=\"'+t.secret+'\"]'),o=l.querySelectorAll('blockquote[data-secret=\"'+t.secret+'\"]'),c=new RegExp(\"^https?:$\",\"i\"),i=0;i<o.length;i++)o[i].style.display=\"none\";for(i=0;i<a.length;i++)s=a[i],e.source===s.contentWindow&&(s.removeAttribute(\"style\"),\"height\"===t.message?(1e3<(r=parseInt(t.value,10))?r=1e3:~~r<200&&(r=200),s.height=r):\"link\"===t.message&&(r=new URL(s.getAttribute(\"src\")),n=new URL(t.value),c.test(n.protocol))&&n.host===r.host&&l.activeElement===s&&(d.top.location.href=t.value))}},d.addEventListener(\"message\",d.wp.receiveEmbedMessage,!1),l.addEventListener(\"DOMContentLoaded\",function(){for(var e,t,s=l.querySelectorAll(\"iframe.wp-embedded-content\"),r=0;r<s.length;r++)(t=(e=s[r]).getAttribute(\"data-secret\"))||(t=Math.random().toString(36).substring(2,12),e.src+=\"#?secret=\"+t,e.setAttribute(\"data-secret\",t)),e.contentWindow.postMessage({message:\"ready\",secret:t},\"*\")},!1)))}(window,document);\n\/* ]]> *\/\n<\/script>\n","thumbnail_url":"https:\/\/i0.wp.com\/josephminster.com\/site\/wp-content\/uploads\/2017\/11\/Thessalonique-Palikao-films.jpg?fit=1394%2C331&ssl=1","thumbnail_width":1394,"thumbnail_height":331,"description":"Le projet de long-m\u00e9trage Thessalonique, un film de Joseph Minster \u00e9crit par Joseph Minster et Simon Rich\u00e9, et produit par Palikao films, sera pr\u00e9sent\u00e9 au Village des \u00c9coles du festival des Arcs, du 16 au 19 d\u00e9cembre 2017. Pour plus d&rsquo;informations&nbsp;: contact@palikaofilms.fr Thomas rend visite \u00e0 sa s\u0153ur Pauline qui travaille dans un camp de [&hellip;]"}